{"id":475,"date":"2020-06-08T14:09:11","date_gmt":"2020-06-08T12:09:11","guid":{"rendered":"https:\/\/svs.edu.eg\/new\/lycee\/?page_id=475"},"modified":"2022-10-19T13:28:12","modified_gmt":"2022-10-19T11:28:12","slug":"cvl","status":"publish","type":"page","link":"https:\/\/svs.edu.eg\/lycee\/?page_id=475","title":{"rendered":""},"content":{"rendered":"\t\t<div data-elementor-type=\"wp-page\" data-elementor-id=\"475\" class=\"elementor elementor-475\" data-elementor-post-type=\"page\">\n\t\t\t\t\t\t\t\t\t<section class=\"elementor-section elementor-top-section elementor-element elementor-element-c35002b elementor-section-stretched elementor-section-full_width elementor-section-height-min-height elementor-section-height-default elementor-section-items-middle\" data-id=\"c35002b\" data-element_type=\"section\" data-settings=\"{&quot;stretch_section&quot;:&quot;section-stretched&quot;}\">\n\t\t\t\t\t\t<div class=\"elementor-container elementor-column-gap-no\">\n\t\t\t\t\t<header class=\"elementor-column elementor-col-100 elementor-top-column elementor-element elementor-element-3215dfd\" data-id=\"3215dfd\" data-element_type=\"column\">\n\t\t\t<div class=\"elementor-widget-wrap elementor-element-populated\">\n\t\t\t\t\t\t\t\t<div class=\"elementor-element elementor-element-bfffd89 elementor-cta--skin-cover elementor-animated-content elementor-bg-transform elementor-bg-transform-zoom-in elementor-widget elementor-widget-call-to-action\" data-id=\"bfffd89\" data-element_type=\"widget\" data-widget_type=\"call-to-action.default\">\n\t\t\t\t<div class=\"elementor-widget-container\">\n\t\t\t\t\t<div class=\"elementor-cta\">\n\t\t\t\t\t<div class=\"elementor-cta__bg-wrapper\">\n\t\t\t\t<div class=\"elementor-cta__bg elementor-bg\" style=\"background-image: url(https:\/\/svs.edu.eg\/new\/lycee\/wp-content\/uploads\/2022\/10\/photo-l-ves-r-unis-autour-d-une-table-2059.jpeg);\" role=\"img\" aria-label=\"\"><\/div>\n\t\t\t\t<div class=\"elementor-cta__bg-overlay\"><\/div>\n\t\t\t<\/div>\n\t\t\t\t\t\t\t<div class=\"elementor-cta__content\">\n\t\t\t\t\n\t\t\t\t\t\t\t\t\t<h2 class=\"elementor-cta__title elementor-cta__content-item elementor-content-item elementor-animated-item--grow\">\n\t\t\t\t\t\tREPR\u00c9SENTANTS DES \u00c9L\u00c8VES\t\t\t\t\t<\/h2>\n\t\t\t\t\n\t\t\t\t\n\t\t\t\t\t\t\t<\/div>\n\t\t\t\t\t\t<\/div>\n\t\t\t\t<\/div>\n\t\t\t\t<\/div>\n\t\t\t\t\t<\/div>\n\t\t<\/header>\n\t\t\t\t\t\t\t<\/div>\n\t\t<\/section>\n\t\t\t\t<section class=\"elementor-section elementor-top-section elementor-element elementor-element-89e4542 elementor-section-boxed elementor-section-height-default elementor-section-height-default\" data-id=\"89e4542\" data-element_type=\"section\">\n\t\t\t\t\t\t<div class=\"elementor-container elementor-column-gap-default\">\n\t\t\t\t\t<div class=\"elementor-column elementor-col-100 elementor-top-column elementor-element elementor-element-894caf8\" data-id=\"894caf8\" data-element_type=\"column\">\n\t\t\t<div class=\"elementor-widget-wrap elementor-element-populated\">\n\t\t\t\t\t\t\t\t<div class=\"elementor-element elementor-element-0162a3a elementor-widget elementor-widget-text-editor\" data-id=\"0162a3a\" data-element_type=\"widget\" data-widget_type=\"text-editor.default\">\n\t\t\t\t<div class=\"elementor-widget-container\">\n\t\t\t\t\t\t\t<p><span style=\"font-family: Arial, Helvetica, sans-serif; font-size: 18pt; color: #808080;\"><span lang=\"fr\">\u00a0<\/span><\/span><\/p><p><span style=\"font-family: Arial, Helvetica, sans-serif; font-size: 18pt; color: #808080;\"><span lang=\"fr\">Au coll\u00e8ge et au lyc\u00e9e, chaque classe a des d\u00e9l\u00e9gu\u00e9s de classe. Ils sont les porte-paroles de tous les \u00e9l\u00e8ves aupr\u00e8s des enseignants et des autres adultes de l\u2019\u00e9tablissement.\u00a0 Un conseil de la vie coll\u00e9gienne (CVC) favorise \u00e9galement l\u2019implication des \u00e9l\u00e8ves dans la vie de leur \u00e9tablissement. Au lyc\u00e9e, un conseil de la vie lyc\u00e9enne (CVL) \u00e9met des propositions sur la vie quotidienne de l\u2019\u00e9tablissement. Le Lyc\u00e9e Voltaire a regroup\u00e9 le CVC et CVL pour former le CVLC<\/span><\/span><\/p><p><span style=\"font-family: Arial, Helvetica, sans-serif; font-size: 18pt; color: #808080;\"><b><span lang=\"fr\">Les d\u00e9l\u00e9gu\u00e9s<\/span><\/b><\/span><\/p><p><span lang=\"fr\" style=\"font-family: Arial, Helvetica, sans-serif; font-size: 14pt; color: #808080;\">Au coll\u00e8ge et au lyc\u00e9e, deux d\u00e9l\u00e9gu\u00e9s des \u00e9l\u00e8ves sont \u00e9lus dans chaque classe au d\u00e9but de l\u2019ann\u00e9e scolaire. Les d\u00e9l\u00e9gu\u00e9s et leurs suppl\u00e9ants sont \u00e9lus au scrutin uninominal \u00e0 deux tours\u00a0dans chaque classe, avant la fin de la septi\u00e8me semaine de l\u2019ann\u00e9e scolaire. Tous les \u00e9l\u00e8ves sont \u00e9lecteurs et \u00e9ligibles.<\/span><\/p><p><span lang=\"fr\" style=\"font-family: Arial, Helvetica, sans-serif; font-size: 14pt; color: #808080;\">Le r\u00f4le des d\u00e9l\u00e9gu\u00e9s est de repr\u00e9senter la classe et d\u2019agir en tant que m\u00e9diateur entre leurs camarades et les autres membres de la communaut\u00e9 \u00e9ducative. Ils participent, entre autres, aux conseils de classe et d\u00e9signent \u00e9lisent parmi les d\u00e9l\u00e9gu\u00e9s qui repr\u00e9senteront les \u00e9l\u00e8ves au conseil de discipline et au conseil d\u2019\u00e9tablissement.<\/span><\/p><p><span style=\"font-family: Arial, Helvetica, sans-serif; font-size: 18pt; color: #808080;\"><b><span lang=\"fr\">Le CVC<\/span><\/b><\/span><\/p><p><span lang=\"fr\" style=\"font-family: Arial, Helvetica, sans-serif; font-size: 14pt; color: #808080;\">Le coll\u00e8ge de la vie coll\u00e9gienne (CVC) entre dans la mise en \u0153uvre du parcours citoyen en permettant de mobiliser la communaut\u00e9 \u00e9ducative autour d\u2019une instance citoyenne et d\u2019instituer un nouveau r\u00f4le des \u00e9l\u00e8ves dans la vie de leur \u00e9tablissement\u00a0en d\u00e9veloppant des comp\u00e9tences sociales d\u2019une mani\u00e8re qui leur soit explicite.<br aria-hidden=\"true\" \/>Le CVC est\u00a0une instance d\u2019\u00e9changes et de dialogue entre \u00e9l\u00e8ves et entre les \u00e9l\u00e8ves et les membres de la communaut\u00e9 \u00e9ducative. Il est un lieu d\u2019expression pour les \u00e9l\u00e8ves.<\/span><\/p><p><span style=\"font-family: Arial, Helvetica, sans-serif; font-size: 18pt; color: #808080;\"><b><span lang=\"fr\">Le CVL<\/span><\/b><\/span><\/p><p><span lang=\"fr\" style=\"font-family: Arial, Helvetica, sans-serif; font-size: 14pt; color: #808080;\">Le conseil des d\u00e9l\u00e9gu\u00e9s pour la vie lyc\u00e9enne (CVL) rassemble des\u00a0repr\u00e9sentants des lyc\u00e9ens, des personnels et des parents d\u2019\u00e9l\u00e8ves. C\u2019est un lieu privil\u00e9gi\u00e9 d\u2019\u00e9changes entre lyc\u00e9ens et adultes. Les d\u00e9l\u00e9gu\u00e9s expriment les id\u00e9es, les attentes et les pr\u00e9occupations de tous les \u00e9l\u00e8ves.<\/span><\/p><p><span lang=\"fr\" style=\"font-family: Arial, Helvetica, sans-serif; font-size: 14pt; color: #808080;\">Les lyc\u00e9ens \u00e9lus peuvent faire des\u00a0propositions sur tous les sujets de la vie quotidienne.<\/span><\/p>\t\t\t\t\t\t<\/div>\n\t\t\t\t<\/div>\n\t\t\t\t\t<\/div>\n\t\t<\/div>\n\t\t\t\t\t\t\t<\/div>\n\t\t<\/section>\n\t\t\t\t\t\t\t<\/div>\n\t\t","protected":false},"excerpt":{"rendered":"<p>REPR\u00c9SENTANTS DES \u00c9L\u00c8VES \u00a0 Au coll\u00e8ge et au lyc\u00e9e, chaque classe a des d\u00e9l\u00e9gu\u00e9s de classe. Ils sont les porte-paroles de tous les \u00e9l\u00e8ves aupr\u00e8s des enseignants et des autres [&hellip;]<\/p>\n","protected":false},"author":5,"featured_media":0,"parent":0,"menu_order":0,"comment_status":"closed","ping_status":"closed","template":"","meta":{"om_disable_all_campaigns":false,"_mi_skip_tracking":false,"_monsterinsights_sitenote_active":false,"_monsterinsights_sitenote_note":"","_monsterinsights_sitenote_category":0},"aioseo_notices":[],"_links":{"self":[{"href":"https:\/\/svs.edu.eg\/lycee\/index.php?rest_route=\/wp\/v2\/pages\/475"}],"collection":[{"href":"https:\/\/svs.edu.eg\/lycee\/index.php?rest_route=\/wp\/v2\/pages"}],"about":[{"href":"https:\/\/svs.edu.eg\/lycee\/index.php?rest_route=\/wp\/v2\/types\/page"}],"author":[{"embeddable":true,"href":"https:\/\/svs.edu.eg\/lycee\/index.php?rest_route=\/wp\/v2\/users\/5"}],"replies":[{"embeddable":true,"href":"https:\/\/svs.edu.eg\/lycee\/index.php?rest_route=%2Fwp%2Fv2%2Fcomments&post=475"}],"version-history":[{"count":44,"href":"https:\/\/svs.edu.eg\/lycee\/index.php?rest_route=\/wp\/v2\/pages\/475\/revisions"}],"predecessor-version":[{"id":18240,"href":"https:\/\/svs.edu.eg\/lycee\/index.php?rest_route=\/wp\/v2\/pages\/475\/revisions\/18240"}],"wp:attachment":[{"href":"https:\/\/svs.edu.eg\/lycee\/index.php?rest_route=%2Fwp%2Fv2%2Fmedia&parent=475"}],"curies":[{"name":"wp","href":"https:\/\/api.w.org\/{rel}","templated":true}]}}